{"id":769,"date":"2025-02-12T21:38:20","date_gmt":"2025-02-12T20:38:20","guid":{"rendered":"https:\/\/laracapelle-psychologue.fr\/?page_id=769"},"modified":"2026-03-02T14:12:39","modified_gmt":"2026-03-02T13:12:39","slug":"mon-soutien-psy","status":"publish","type":"page","link":"https:\/\/laracapelle-psychologue.fr\/?page_id=769","title":{"rendered":"Mon Soutien Psy"},"content":{"rendered":"<p style=\"text-align: justify;\"><strong>Mon soutien psy<\/strong> est un dispositif qui propose jusqu\u2019\u00e0 <strong>12 s\u00e9ances<\/strong> d\u2019accompagnement psychologique, chez un <strong>psychologue conventionn\u00e9<\/strong> par la s\u00e9curit\u00e9 sociale, et <strong>par ann\u00e9e civile<\/strong>.\u00a0<span style=\"font-size: 1rem;\">Il est possible d&rsquo;int\u00e9grer ce dispositif en prenant directement \u00a0RDV avec le psychologue, <strong>sans ordonnance m\u00e9dicale<\/strong>.<\/span><\/p>\n<p style=\"text-align: justify;\"><strong>La s\u00e9ance co\u00fbte 50 euros<\/strong>. Elle est rembours\u00e9e 30\u20ac par l\u2019Assurance Maladie et 20\u20ac par la mutuelle. Le psychologue vous remet une feuille de soins \u00e0 la fin de chaque s\u00e9ance ou de plusieurs s\u00e9ances.<\/p>\n<p style=\"text-align: justify;\"><strong>Le psychologue en lib\u00e9ral est libre de d\u00e9cider du nombre de s\u00e9ances qu&rsquo;il consacre au dispositif Mon soutien psy<\/strong> et d\u2019organiser le fonctionnement de son cabinet. Il peut continuer \u00e0 exercer par ailleurs son activit\u00e9 avec ses tarifs propres, hors du dispositif de remboursement.<\/p>\n<hr \/>\n<h1 style=\"text-align: justify;\">Les situations pour lesquelles vous n&rsquo;avancez pas les frais :<\/h1>\n<ul>\n<li style=\"text-align: justify;\">vous \u00eates b\u00e9n\u00e9ficiaire de la <a href=\"https:\/\/www.ameli.fr\/assure\/remboursements\/cmu-aides-financieres\/complementaire-sante-solidaire\" rel=\"nofollow\" data-entity-type=\"node\" data-entity-uuid=\"68e6a29d-ecb6-46e6-80e3-01fb4f4f1f9f\" data-entity-substitution=\"canonical\" data-xiti-name=\"Complementaire_sante_solidaire_vous_n_avez_rien_a_payer_dans_la_plupart_des_cas\" data-xiti-chapter-1=\"ameli_article\" data-xiti-chapter-2=\"\" data-xiti-chapter-3=\"\" data-xiti-level-2=\"1\" data-xiti-type=\"download\" data-once=\"ameli_xiti\">Compl\u00e9mentaire sant\u00e9 solidaire<\/a> ou de l\u2019<a href=\"https:\/\/www.ameli.fr\/assure\/remboursements\/aide-medicale-etat-soins-urgents\" rel=\"nofollow\" data-entity-type=\"node\" data-entity-uuid=\"9e9ddc1c-5898-46ee-a678-107f1b0595bd\" data-entity-substitution=\"canonical\" data-xiti-name=\"Aide_medicale_de_l_Etat_et_soins_urgents\" data-xiti-chapter-1=\"ameli_article\" data-xiti-chapter-2=\"\" data-xiti-chapter-3=\"\" data-xiti-level-2=\"1\" data-xiti-type=\"download\" data-once=\"ameli_xiti\">aide m\u00e9dicale d\u2019\u00c9tat<\/a> (AME)\u00a0;<\/li>\n<li style=\"text-align: justify;\">vous recevez des soins en lien avec une <a href=\"https:\/\/www.ameli.fr\/assure\/droits-demarches\/maladie-accident-hospitalisation\/affection-longue-duree-ald\/affection-longue-duree-maladie-chronique\" rel=\"nofollow\" data-entity-type=\"node\" data-entity-uuid=\"2a9c2a5a-0f5d-4a40-bb1f-0a94a0a9a418\" data-entity-substitution=\"canonical\" data-xiti-name=\"Qu_est_ce_que_le_dispositif_appele_Affection_Longue_Duree_ALD\" data-xiti-chapter-1=\"ameli_article\" data-xiti-chapter-2=\"\" data-xiti-chapter-3=\"\" data-xiti-level-2=\"1\" data-xiti-type=\"download\" data-once=\"ameli_xiti\">affection de longue dur\u00e9e<\/a> (ALD) ou d\u2019un accident caus\u00e9 par un tiers\u00a0;<\/li>\n<li style=\"text-align: justify;\">vous \u00eates \u00e0 votre 6e mois de grossesse ou plus\u00a0;<\/li>\n<li style=\"text-align: justify;\">vous recevez des soins en lien avec un accident du travail ou une maladie professionnelle (AT-MP). En pratique, si vous recevez des soins en lien avec une ALD, une maternit\u00e9 ou un accident du travail ou une maladie professionnelle (AT-MP) :\n<ul>\n<li>lors de la 1re s\u00e9ance chez le psychologue, apportez votre attestation de droits \u00e0 jour (ou une attestation de carte Vitale papier indiquant vos droits) ou l\u2019\u00e9ventuel courrier de votre m\u00e9decin pr\u00e9cisant que vous \u00eates dans l\u2019une des 3 situations \u00e9nonc\u00e9es ci-dessus\u00a0;<\/li>\n<li>\u00e0 la fin de chaque s\u00e9ance, le psychologue vous fait signer la feuille de soins qu\u2019il garde, sans vous faire payer de frais, se faisant ensuite directement r\u00e9mun\u00e9rer par votre organisme d\u2019assurance maladie.<\/li>\n<\/ul>\n<\/li>\n<\/ul>\n<hr \/>\n<h1><span style=\"font-size: 18pt;\">Accompagnement des adolescents<\/span><\/h1>\n<p style=\"text-align: justify;\">Votre adolescent peut aussi traverser une situation de mal-\u00eatre ou de souffrance psychique d\u2019intensit\u00e9 l\u00e9g\u00e8re \u00e0 mod\u00e9r\u00e9e. Le type de situations qui vous am\u00e8nent \u00e0 vous interroger sur la <a href=\"https:\/\/www.ameli.fr\/assure\/sante\/jeunes-16-25-ans\/souffrance-psychique\" rel=\"nofollow\" data-entity-type=\"taxonomy_term\" data-entity-uuid=\"11dde6a3-07d6-4c1c-accd-b48bec83f7d9\" data-entity-substitution=\"canonical\">sant\u00e9 mentale de votre adolescent<\/a> sont, par exemple\u00a0:<\/p>\n<ul style=\"text-align: justify;\">\n<li>l\u2019angoisse, l\u2019anxi\u00e9t\u00e9 ou des signes de d\u00e9pression\u00a0;<\/li>\n<li>un sentiment de mal-\u00eatre\u00a0;<\/li>\n<li>un comportement \u00e0 risque et des troubles addictifs (consommation de tabac, d\u2019alcool ou de cannabis)\u00a0;<\/li>\n<li>un trouble du comportement alimentaire.<\/li>\n<\/ul>\n<p style=\"text-align: justify;\">Pour accompagner votre adolescent, vous pouvez en parler avec son p\u00e9diatre, son m\u00e9decin traitant ou faire appel \u00e0 l\u2019un des psychologues partenaires dans l&rsquo;<a title=\"Site monsoutienpsy.ameli.fr - Trouver un psychologue conventionn\u00e9 avec l\u2019Assurance Maladie (nouvelle fen\u00eatre)\" href=\"https:\/\/monsoutienpsy.ameli.fr\/recherche-psychologue\" target=\"_blank\" rel=\"nofollow noopener\" data-xiti-name=\"https:\/\/monsoutienpsy.ameli.fr\/recherche-psychologue\" data-xiti-chapter-1=\"\" data-xiti-chapter-2=\"\" data-xiti-chapter-3=\"\" data-xiti-level-2=\"1\" data-xiti-type=\"download\" data-once=\"ameli_xiti\">annuaire d\u00e9di\u00e9<\/a>. En cochant \u00ab\u00a0Pour les enfants\u00a0\u00bb lors de votre recherche, vous obtenez la liste des psychologues proches de chez vous qui accompagnent les adolescents.<\/p>\n<h1>Accompagnement des adultes<\/h1>\n<p style=\"text-align: justify;\">Le dispositif Mon soutien psy s\u2019adresse aux adultes de tout \u00e2ge en souffrance psychique. Parlez-en \u00e0 votre m\u00e9decin, votre sage-femme ou prenez directement rendez-vous avec un <a title=\"Site monsoutienpsy.ameli.fr - Trouver un psychologue conventionn\u00e9 avec l\u2019Assurance Maladie (nouvelle fen\u00eatre)\" href=\"https:\/\/monsoutienpsy.ameli.fr\/recherche-psychologue\" target=\"_blank\" rel=\"nofollow noopener\" data-xiti-name=\"https:\/\/monsoutienpsy.ameli.fr\/recherche-psychologue\" data-xiti-chapter-1=\"\" data-xiti-chapter-2=\"\" data-xiti-chapter-3=\"\" data-xiti-level-2=\"1\" data-xiti-type=\"download\" data-once=\"ameli_xiti\">psychologue partenaire<\/a> si vous sentez que <a href=\"https:\/\/www.ameli.fr\/assure\/sante\/themes\/sante-mentale-de-l-adulte\" rel=\"nofollow\" data-entity-type=\"taxonomy_term\" data-entity-uuid=\"c0df567a-9d5a-4d35-b2f4-eda9b622eef0\" data-entity-substitution=\"canonical\">votre sant\u00e9 mentale<\/a> est alt\u00e9r\u00e9e notamment par\u00a0:<\/p>\n<ul style=\"text-align: justify;\">\n<li>un trouble anxieux d\u2019intensit\u00e9 l\u00e9g\u00e8re \u00e0 mod\u00e9r\u00e9e\u00a0;<\/li>\n<li>un trouble d\u00e9pressif d\u2019intensit\u00e9 l\u00e9g\u00e8re \u00e0 mod\u00e9r\u00e9e\u00a0;<\/li>\n<li>un m\u00e9susage de tabac, d\u2019alcool et\/ou de cannabis (hors d\u00e9pendance)\u00a0;<\/li>\n<li>un trouble du comportement alimentaire sans crit\u00e8res de gravit\u00e9.<\/li>\n<\/ul>\n<p style=\"text-align: justify;\">Vous pouvez \u00eatre orient\u00e9 vers un accompagnement psychologique gr\u00e2ce au dispositif Mon soutien psy si vous \u00eates sous traitement psychotrope, bipolaire ou borderline sous anti\u00e9pileptiques, <strong>sous r\u00e9serve d&rsquo;un avis d&rsquo;un psychiatre formalis\u00e9<\/strong>. Cet accompagnement permet notamment de r\u00e9\u00e9valuer la pertinence des traitements qui vous sont prescrits.<\/p>\n<p style=\"text-align: justify;\">Le dispositif Mon soutien psy peut vous \u00eatre propos\u00e9 si vous prenez des antid\u00e9presseurs depuis moins de 3 mois ou si vous \u00eates <strong>sous traitement hypnotique ou par benzodiaz\u00e9pines depuis moins d&rsquo;un mois<\/strong>. Votre m\u00e9decin traitant ou votre m\u00e9decin hospitalier, ou encore votre sage-femme, impliqu\u00e9 dans la prise en charge vous remettra alors une d\u00e9rogation.<\/p>\n<hr \/>\n<h1 style=\"text-align: justify;\"><span style=\"font-size: 18pt;\">Qui n&rsquo;est pas concern\u00e9 par le dispositif Mon Soutien Psy ?<\/span><\/h1>\n<p style=\"text-align: justify;\">L\u2019\u00e2ge ou l\u2019\u00e9tat de sant\u00e9 de certains patients fait que le dispositif Mon soutien psy n\u2019est pas envisageable. D\u2019autres services plus appropri\u00e9s sont alors propos\u00e9s.<\/p>\n<h4 style=\"text-align: justify;\">Les enfants \u00e2g\u00e9s de moins de 3 ans<\/h4>\n<p style=\"text-align: justify;\">Ils sont trop jeunes et ne peuvent pas b\u00e9n\u00e9ficier d\u2019un accompagnement psychologique propos\u00e9 par le dispositif Mon soutien psy. Mais vous devez consulter votre p\u00e9diatre si <a href=\"https:\/\/www.ameli.fr\/assure\/sante\/themes\/sante-mentale-enfant\/souffrance-psychologique-de-l-enfant-symptomes-d-alerte\" rel=\"nofollow\" data-entity-type=\"node\" data-entity-uuid=\"86846ef4-8355-497e-be87-949061cad7cc\" data-entity-substitution=\"canonical\" data-xiti-name=\"Mon_enfant_est_il_en_souffrance_psychologique_quels_symptomes_doivent_m_alerter\" data-xiti-chapter-1=\"ameli_article\" data-xiti-chapter-2=\"\" data-xiti-chapter-3=\"\" data-xiti-level-2=\"1\" data-xiti-type=\"download\" data-once=\"ameli_xiti\">certains signes chez votre enfant vous alertent<\/a>, tels que\u00a0:<\/p>\n<ul style=\"text-align: justify;\">\n<li>des troubles de la communication (retard dans le d\u00e9veloppement du langage, par exemple)\u00a0;<\/li>\n<li>des troubles des acquisitions\u00a0;<\/li>\n<li>des troubles du comportement (gestes r\u00e9p\u00e9t\u00e9s, obsessions inhabituelles)\u00a0;<\/li>\n<li>des difficult\u00e9s dans les relations sociales (isolement ou comportement inadapt\u00e9, incompr\u00e9hension des \u00e9motions des autres).<\/li>\n<\/ul>\n<p style=\"text-align: justify;\">Votre p\u00e9diatre saura vous orienter vers les services qui lui apporteront une prise en charge appropri\u00e9e.<\/p>\n<h4 style=\"text-align: justify;\">Les enfants et adolescents n\u00e9cessitant un avis psychiatrique<\/h4>\n<p style=\"text-align: justify;\">Certains enfants ou adolescents ne peuvent pas entrer dans le dispositif Mon soutien psy s\u2019ils n\u00e9cessitent d\u2019embl\u00e9e un avis sp\u00e9cialis\u00e9 d\u2019un psychiatre ou d\u2019un p\u00e9dopsychiatre. C\u2019est le cas lorsque votre enfant ou adolescent pr\u00e9sente\u00a0:<\/p>\n<ul style=\"text-align: justify;\">\n<li>des <a href=\"https:\/\/www.ameli.fr\/assure\/sante\/urgence\/pathologies\/crise-suicidaire-tentative-suicide\" rel=\"nofollow\" data-entity-type=\"node\" data-entity-uuid=\"ba4912c1-1999-4277-82ef-15405c7e209c\" data-entity-substitution=\"canonical\" data-xiti-name=\"Crise_suicidaire_agir_avant_la_tentative_de_suicide\" data-xiti-chapter-1=\"ameli_article\" data-xiti-chapter-2=\"\" data-xiti-chapter-3=\"\" data-xiti-level-2=\"1\" data-xiti-type=\"download\" data-once=\"ameli_xiti\">risques suicidaires<\/a>\u00a0;<\/li>\n<li>des formes s\u00e9v\u00e8res de <a href=\"https:\/\/www.ameli.fr\/assure\/sante\/themes\/sante-mentale-enfant\/troubles-anxieux-et-troubles-obsessionnels-compulsifs-toc-de-l-enfant\" rel=\"nofollow\" data-entity-type=\"node\" data-entity-uuid=\"3f8787ca-f525-4d07-a8b4-6cc4edd9374a\" data-entity-substitution=\"canonical\" data-xiti-name=\"Les_troubles_anxieux_et_les_troubles_obsessionnels_compulsifs_TOC_de_l_enfant\" data-xiti-chapter-1=\"ameli_article\" data-xiti-chapter-2=\"\" data-xiti-chapter-3=\"\" data-xiti-level-2=\"1\" data-xiti-type=\"download\" data-once=\"ameli_xiti\">troubles anxieux<\/a> ou <a href=\"https:\/\/www.ameli.fr\/assure\/sante\/themes\/sante-mentale-enfant\/depression-de-l-enfant\" rel=\"nofollow\" data-entity-type=\"node\" data-entity-uuid=\"f679dc56-311f-4e31-bcb9-fdc4883f3a08\" data-entity-substitution=\"canonical\" data-xiti-name=\"La_depression_de_l_enfant\" data-xiti-chapter-1=\"ameli_article\" data-xiti-chapter-2=\"\" data-xiti-chapter-3=\"\" data-xiti-level-2=\"1\" data-xiti-type=\"download\" data-once=\"ameli_xiti\">troubles d\u00e9pressifs<\/a>\u00a0;<\/li>\n<li>des troubles graves du <a href=\"https:\/\/www.ameli.fr\/assure\/sante\/themes\/sante-mentale-enfant\/troubles-en-rapport-avec-le-comportement-de-l-enfant\" rel=\"nofollow\" data-entity-type=\"node\" data-entity-uuid=\"2a955f53-ea0e-4a40-858c-52a8a145d857\" data-entity-substitution=\"canonical\" data-xiti-name=\"Les_troubles_en_rapport_avec_le_comportement_de_l_enfant\" data-xiti-chapter-1=\"ameli_article\" data-xiti-chapter-2=\"\" data-xiti-chapter-3=\"\" data-xiti-level-2=\"1\" data-xiti-type=\"download\" data-once=\"ameli_xiti\">comportement alimentaire<\/a>\u00a0;<\/li>\n<li>des situations de retrait et d\u2019inhibition majeures\u00a0;<\/li>\n<li>des <a href=\"https:\/\/www.ameli.fr\/assure\/sante\/themes\/sante-mentale-enfant\/troubles-du-neurodeveloppement-de-l-enfant\" rel=\"nofollow\" data-entity-type=\"node\" data-entity-uuid=\"0969f1d9-91ff-4570-8a74-5490de9c823c\" data-entity-substitution=\"canonical\" data-xiti-name=\"Les_troubles_du_neurodeveloppement_de_l_enfant\" data-xiti-chapter-1=\"ameli_article\" data-xiti-chapter-2=\"\" data-xiti-chapter-3=\"\" data-xiti-level-2=\"1\" data-xiti-type=\"download\" data-once=\"ameli_xiti\">troubles du neurod\u00e9veloppement\u00a0<\/a>;<\/li>\n<li>une <a href=\"https:\/\/www.ameli.fr\/assure\/sante\/themes\/addictions\" rel=\"nofollow\" data-entity-type=\"taxonomy_term\" data-entity-uuid=\"42ae2eff-8126-4c91-8198-291d7c64bfc8\" data-entity-substitution=\"canonical\">d\u00e9pendance \u00e0 des substances psychoactives<\/a>\u00a0;<\/li>\n<li>des <a href=\"https:\/\/www.ameli.fr\/assure\/sante\/themes\/sante-mentale-enfant\/troubles-en-rapport-avec-le-comportement-de-l-enfant\" rel=\"nofollow\" data-entity-type=\"node\" data-entity-uuid=\"2a955f53-ea0e-4a40-858c-52a8a145d857\" data-entity-substitution=\"canonical\" data-xiti-name=\"Les_troubles_en_rapport_avec_le_comportement_de_l_enfant\" data-xiti-chapter-1=\"ameli_article\" data-xiti-chapter-2=\"\" data-xiti-chapter-3=\"\" data-xiti-level-2=\"1\" data-xiti-type=\"download\" data-once=\"ameli_xiti\">troubles du comportement<\/a> s\u00e9v\u00e8res. Ceux-ci se traduisent par\u00a0:\n<ul>\n<li>des exclusions scolaires \u00e0 r\u00e9p\u00e9tition,<\/li>\n<li>un retentissement majeur sur la scolarit\u00e9, les apprentissages, la vie familiale,<\/li>\n<li>des comportements et gestes agressifs envers les autres d\u00e9bouchant sur une arrestation ou condamnation.<\/li>\n<\/ul>\n<\/li>\n<\/ul>\n<p style=\"text-align: justify;\"><strong>Le dispositif Mon soutien psy n\u2019est pas non plus adapt\u00e9 pour les enfants et adolescents qui :<\/strong><\/p>\n<ul style=\"text-align: justify;\">\n<li>sont actuellement pris en charge en p\u00e9dopsychiatrie ou psychiatrie\u00a0;<\/li>\n<li>sont actuellement pris en charge en affection longue dur\u00e9e (ALD) pour motif psychiatrique\u00a0;<\/li>\n<li>ont \u00e9t\u00e9 pris en charge en ALD pour motif psychiatrique lors des 2 derni\u00e8res ann\u00e9es.<\/li>\n<\/ul>\n<p style=\"text-align: justify;\">Dans ce type de situation, il importe que vous en parliez avec votre m\u00e9decin traitant ou votre p\u00e9diatre pour que votre adolescent b\u00e9n\u00e9ficie d\u2019une prise en charge adapt\u00e9e.<\/p>\n<h4 style=\"text-align: justify;\">Les adultes n\u00e9cessitant un avis psychiatrique<\/h4>\n<p style=\"text-align: justify;\">L\u2019accompagnement propos\u00e9 par le dispositif Mon soutien psy ne convient pas \u00e0 certaines personnes qui n\u00e9cessitent d\u2019embl\u00e9e <strong>un avis sp\u00e9cialis\u00e9 par un psychiatre<\/strong>. Il en va de m\u00eame pour celles qui sont actuellement suivies en psychiatrie. C\u2019est le cas si vous pr\u00e9sentez\u00a0:<\/p>\n<ul style=\"text-align: justify;\">\n<li>des <a href=\"https:\/\/www.ameli.fr\/assure\/sante\/urgence\/pathologies\/crise-suicidaire-tentative-suicide\" rel=\"nofollow\" data-entity-type=\"node\" data-entity-uuid=\"ba4912c1-1999-4277-82ef-15405c7e209c\" data-entity-substitution=\"canonical\" data-xiti-name=\"Crise_suicidaire_agir_avant_la_tentative_de_suicide\" data-xiti-chapter-1=\"ameli_article\" data-xiti-chapter-2=\"\" data-xiti-chapter-3=\"\" data-xiti-level-2=\"1\" data-xiti-type=\"download\" data-once=\"ameli_xiti\">risques suicidaires<\/a>\u00a0;<\/li>\n<li>des formes s\u00e9v\u00e8res de <a href=\"https:\/\/www.ameli.fr\/assure\/sante\/themes\/depression-troubles-depressifs\/comprendre-depression\" rel=\"nofollow\" data-entity-type=\"node\" data-entity-uuid=\"2f9a5376-d755-455d-8390-7917a212c52d\" data-entity-substitution=\"canonical\" data-xiti-name=\"Comprendre_la_depression\" data-xiti-chapter-1=\"ameli_article\" data-xiti-chapter-2=\"\" data-xiti-chapter-3=\"\" data-xiti-level-2=\"1\" data-xiti-type=\"download\" data-once=\"ameli_xiti\">troubles d\u00e9pressifs<\/a> ou <a href=\"https:\/\/www.ameli.fr\/assure\/sante\/themes\/troubles-anxieux-anxiete\" rel=\"nofollow\" data-entity-type=\"taxonomy_term\" data-entity-uuid=\"5b90ea11-ccf7-4cca-9bf1-1db6124623cd\" data-entity-substitution=\"canonical\">troubles anxieux<\/a>\u00a0;<\/li>\n<li>des <a href=\"https:\/\/www.ameli.fr\/assure\/sante\/themes\/sante-mentale-de-l-adulte\/troubles-du-comportement-alimentaire-de-l-adulte\" rel=\"nofollow\" data-entity-type=\"node\" data-entity-uuid=\"966febec-729e-4f88-bd6c-0cab2d144aae\" data-entity-substitution=\"canonical\" data-xiti-name=\"Les_troubles_du_comportement_alimentaire_de_l_adulte\" data-xiti-chapter-1=\"ameli_article\" data-xiti-chapter-2=\"\" data-xiti-chapter-3=\"\" data-xiti-level-2=\"1\" data-xiti-type=\"download\" data-once=\"ameli_xiti\">troubles du comportement alimentaire<\/a> avec signes de gravit\u00e9\u00a0;<\/li>\n<li>des troubles du neurod\u00e9veloppement s\u00e9v\u00e8res\u00a0;<\/li>\n<li>une ou plusieurs <a href=\"https:\/\/www.ameli.fr\/assure\/sante\/themes\/addictions\" rel=\"nofollow\" data-entity-type=\"taxonomy_term\" data-entity-uuid=\"42ae2eff-8126-4c91-8198-291d7c64bfc8\" data-entity-substitution=\"canonical\">d\u00e9pendances \u00e0 des substances psychoactives<\/a>.<\/li>\n<\/ul>\n<p style=\"text-align: justify;\">Le dispositif Mon soutien psy n\u2019est pas non plus adapt\u00e9 si vous avez des ant\u00e9c\u00e9dents psychiatriques s\u00e9v\u00e8res lors des 3 derni\u00e8res ann\u00e9es. Il en va de m\u00eame si\u00a0:<\/p>\n<ul style=\"text-align: justify;\">\n<li>vous vivez actuellement avec une affection longue dur\u00e9e (ALD) pour motif psychiatrique\u00a0;<\/li>\n<li>vous \u00eates en invalidit\u00e9 pour motif psychiatrique\u00a0;<\/li>\n<li>vous \u00eates (ou avez \u00e9t\u00e9 lors des 2 derni\u00e8res ann\u00e9es) en arr\u00eat de travail de plus de 6 mois pour un motif psychiatrique.<\/li>\n<\/ul>\n","protected":false},"excerpt":{"rendered":"<p>Mon soutien psy est un dispositif qui propose jusqu\u2019\u00e0 12 s\u00e9ances d\u2019accompagnement psychologique, chez un psychologue conventionn\u00e9 par la s\u00e9curit\u00e9 sociale, et par ann\u00e9e civile.\u00a0Il est possible d&rsquo;int\u00e9grer ce dispositif en prenant directement \u00a0RDV avec le psychologue, sans ordonnance m\u00e9dicale. La s\u00e9ance co\u00fbte 50 euros. Elle est rembours\u00e9e 30\u20ac par l\u2019Assurance Maladie et 20\u20ac par &hellip; <\/p>\n<p class=\"link-more\"><a href=\"https:\/\/laracapelle-psychologue.fr\/?page_id=769\" class=\"more-link\">Continuer la lecture<span class=\"screen-reader-text\"> de &laquo;&nbsp;Mon Soutien Psy&nbsp;&raquo;<\/span><\/a><\/p>\n","protected":false},"author":1,"featured_media":0,"parent":0,"menu_order":0,"comment_status":"closed","ping_status":"closed","template":"","meta":{"footnotes":""},"class_list":["post-769","page","type-page","status-publish","hentry"],"_links":{"self":[{"href":"https:\/\/laracapelle-psychologue.fr\/index.php?rest_route=\/wp\/v2\/pages\/769","targetHints":{"allow":["GET"]}}],"collection":[{"href":"https:\/\/laracapelle-psychologue.fr\/index.php?rest_route=\/wp\/v2\/pages"}],"about":[{"href":"https:\/\/laracapelle-psychologue.fr\/index.php?rest_route=\/wp\/v2\/types\/page"}],"author":[{"embeddable":true,"href":"https:\/\/laracapelle-psychologue.fr\/index.php?rest_route=\/wp\/v2\/users\/1"}],"replies":[{"embeddable":true,"href":"https:\/\/laracapelle-psychologue.fr\/index.php?rest_route=%2Fwp%2Fv2%2Fcomments&post=769"}],"version-history":[{"count":12,"href":"https:\/\/laracapelle-psychologue.fr\/index.php?rest_route=\/wp\/v2\/pages\/769\/revisions"}],"predecessor-version":[{"id":879,"href":"https:\/\/laracapelle-psychologue.fr\/index.php?rest_route=\/wp\/v2\/pages\/769\/revisions\/879"}],"wp:attachment":[{"href":"https:\/\/laracapelle-psychologue.fr\/index.php?rest_route=%2Fwp%2Fv2%2Fmedia&parent=769"}],"curies":[{"name":"wp","href":"https:\/\/api.w.org\/{rel}","templated":true}]}}